{"id":26709,"date":"2016-01-23T16:21:30","date_gmt":"2016-01-23T16:21:30","guid":{"rendered":"http:\/\/carnevalesanremo.it\/homepage\/"},"modified":"2026-02-16T09:17:11","modified_gmt":"2026-02-16T09:17:11","slug":"homepage","status":"publish","type":"page","link":"https:\/\/carnevalesanremo.it\/de\/","title":{"rendered":"Homepage"},"content":{"rendered":"<p>[et_pb_section fb_built=&#8220;1&#8243; fullwidth=&#8220;on&#8220; _builder_version=&#8220;4.16&#8243; _module_preset=&#8220;default&#8220; locked=&#8220;off&#8220; global_colors_info=&#8220;{}&#8220;][et_pb_fullwidth_slider _builder_version=&#8220;4.22.0&#8243; _module_preset=&#8220;default&#8220; content_width=&#8220;100%&#8220; min_height=&#8220;600px&#8220; custom_margin=&#8220;||||false|false&#8220; custom_padding=&#8220;||||false|false&#8220; global_colors_info=&#8220;{}&#8220;][et_pb_slide _builder_version=&#8220;4.22.0&#8243; _module_preset=&#8220;default&#8220; background_image=&#8220;https:\/\/carnevalesanremo.it\/wp-content\/uploads\/2013\/09\/DSC6032-e1506705538549.jpg&#8220; background_enable_image=&#8220;on&#8220; global_colors_info=&#8220;{}&#8220; sticky_transition=&#8220;on&#8220;][\/et_pb_slide][et_pb_slide _builder_version=&#8220;4.22.0&#8243; _module_preset=&#8220;default&#8220; background_image=&#8220;https:\/\/carnevalesanremo.it\/wp-content\/uploads\/2013\/09\/DSC5917-e1506705698768.jpg&#8220; background_enable_image=&#8220;on&#8220; parallax=&#8220;on&#8220; global_colors_info=&#8220;{}&#8220; sticky_transition=&#8220;on&#8220;][\/et_pb_slide][et_pb_slide _builder_version=&#8220;4.22.0&#8243; _module_preset=&#8220;default&#8220; background_image=&#8220;https:\/\/carnevalesanremo.it\/wp-content\/uploads\/2013\/09\/DSC5906-e1379646529870.jpg&#8220; background_enable_image=&#8220;on&#8220; parallax=&#8220;on&#8220; global_colors_info=&#8220;{}&#8220; sticky_transition=&#8220;on&#8220;][\/et_pb_slide][et_pb_slide _builder_version=&#8220;4.22.0&#8243; _module_preset=&#8220;default&#8220; background_image=&#8220;https:\/\/carnevalesanremo.it\/wp-content\/uploads\/2013\/09\/DSC_0162.jpg&#8220; background_enable_image=&#8220;on&#8220; parallax=&#8220;on&#8220; global_colors_info=&#8220;{}&#8220; sticky_transition=&#8220;on&#8220;][\/et_pb_slide][\/et_pb_fullwidth_slider][\/et_pb_section][et_pb_section fb_built=&#8220;1&#8243; _builder_version=&#8220;4.19.4&#8243; _module_preset=&#8220;default&#8220; background_color=&#8220;#f92e20&#8243; locked=&#8220;off&#8220; global_colors_info=&#8220;{}&#8220;][et_pb_row _builder_version=&#8220;4.19.4&#8243; _module_preset=&#8220;default&#8220; global_colors_info=&#8220;{}&#8220;][et_pb_column type=&#8220;4_4&#8243; _builder_version=&#8220;4.19.4&#8243; _module_preset=&#8220;default&#8220; global_colors_info=&#8220;{}&#8220;][et_pb_text _builder_version=&#8220;4.22.0&#8243; _module_preset=&#8220;default&#8220; header_font_size=&#8220;36px&#8220; header_2_font=&#8220;|800|||||||&#8220; header_2_text_align=&#8220;center&#8220; header_2_text_color=&#8220;#FFFFFF&#8220; header_2_font_size=&#8220;36px&#8220; global_colors_info=&#8220;{}&#8220;]<\/p>\n<h2>BLUMENCORSO SAN REMO IN BL\u00dcTE<\/h2>\n<h2>29 | 03 | 2026<\/h2>\n<p>[\/et_pb_text][et_pb_text admin_label=&#8220;intro&#8220; _builder_version=&#8220;4.22.0&#8243; text_text_color=&#8220;#FFFFFF&#8220; text_font_size=&#8220;20px&#8220; background_size=&#8220;initial&#8220; background_position=&#8220;top_left&#8220; background_repeat=&#8220;repeat&#8220; text_orientation=&#8220;center&#8220; custom_padding=&#8220;||0px|||&#8220; global_colors_info=&#8220;{}&#8220;]<\/p>\n<div class=\"flex flex-grow flex-col max-w-full\">\n<div class=\"min-h-[20px] text-message flex flex-col items-start gap-3 whitespace-pre-wrap break-words [.text-message+&amp;]:mt-5 overflow-x-auto\" data-message-author-role=\"assistant\" data-message-id=\"46a434e6-d391-4adb-8337-f6f883f522fe\">\n<div class=\"markdown prose w-full break-words dark:prose-invert light\">\n<p>Die Veranstaltung der ber\u00fchmten Blumenwagen findet traditionell im M\u00e4rz statt, mit einem Umzug von Blumenwagen und Musikkapellen, um die Tradition des Blumenkarnevals von Sanremo, der in der Belle Epoque als Fest der G\u00f6ttin Flora entstand, zu erneuern.<\/p>\n<p>Auf unserer Website k\u00f6nnen Sie Tickets f\u00fcr Sitzpl\u00e4tze entlang des Blumenkorso kaufen, aber auch Hotelunterk\u00fcnfte und L\u00f6sungen, um das Beste der Blumenriviera w\u00e4hrend Ihres Aufenthalts w\u00e4hrend des Karnevals von Sanremo zu genie\u00dfen.<\/p>\n<\/div>\n<\/div>\n<\/div>\n<p>[\/et_pb_text][\/et_pb_column][\/et_pb_row][\/et_pb_section][et_pb_section fb_built=&#8220;1&#8243; _builder_version=&#8220;4.19.4&#8243; _module_preset=&#8220;default&#8220; background_color=&#8220;#FFFFFF&#8220; background_enable_pattern_style=&#8220;on&#8220; background_pattern_style=&#8220;smiles&#8220; background_pattern_color=&#8220;rgba(224,43,32,0.53)&#8220; background_pattern_size=&#8220;contain&#8220; box_shadow_style=&#8220;preset6&#8243; locked=&#8220;off&#8220; global_colors_info=&#8220;{}&#8220;][et_pb_row _builder_version=&#8220;4.19.4&#8243; _module_preset=&#8220;default&#8220; global_colors_info=&#8220;{}&#8220;][et_pb_column type=&#8220;4_4&#8243; _builder_version=&#8220;4.19.4&#8243; _module_preset=&#8220;default&#8220; global_colors_info=&#8220;{}&#8220;][et_pb_divider show_divider=&#8220;off&#8220; _builder_version=&#8220;4.19.4&#8243; _module_preset=&#8220;default&#8220; global_colors_info=&#8220;{}&#8220;][\/et_pb_divider][\/et_pb_column][\/et_pb_row][\/et_pb_section][et_pb_section fb_built=&#8220;1&#8243; _builder_version=&#8220;4.19.4&#8243; custom_padding=&#8220;||0px|||&#8220; locked=&#8220;off&#8220; global_colors_info=&#8220;{}&#8220;][et_pb_row _builder_version=&#8220;4.16.1&#8243; background_size=&#8220;initial&#8220; background_position=&#8220;top_left&#8220; background_repeat=&#8220;repeat&#8220; custom_padding=&#8220;||0px|||&#8220; global_colors_info=&#8220;{}&#8220;][et_pb_column type=&#8220;4_4&#8243; _builder_version=&#8220;4.16&#8243; custom_padding=&#8220;|||&#8220; global_colors_info=&#8220;{}&#8220; custom_padding__hover=&#8220;|||&#8220;][et_pb_text _builder_version=&#8220;4.22.0&#8243; _module_preset=&#8220;default&#8220; text_font_size=&#8220;32px&#8220; header_text_align=&#8220;center&#8220; header_3_font=&#8220;|800|||||||&#8220; header_3_text_color=&#8220;#E02B20&#8243; header_3_font_size=&#8220;32px&#8220; text_orientation=&#8220;center&#8220; global_colors_info=&#8220;{}&#8220;]<\/p>\n<h3>GENIESSE DIE BL\u00dcTENSHOW VON SANREMO<\/h3>\n<p>[\/et_pb_text][et_pb_text admin_label=&#8220;call to action&#8220; _builder_version=&#8220;4.22.0&#8243; text_font_size=&#8220;24px&#8220; background_size=&#8220;initial&#8220; background_position=&#8220;top_left&#8220; background_repeat=&#8220;repeat&#8220; text_orientation=&#8220;center&#8220; custom_padding=&#8220;||0px|||&#8220; global_colors_info=&#8220;{}&#8220;]<\/p>\n<p>Der Blumenkorso repr\u00e4sentiert eine einzigartige Veranstaltung und ist es wert, einen sorglosen Festtag am Rande des Fr\u00fchlings zu erleben. Unsere Agentur bietet verschiedene L\u00f6sungen f\u00fcr diejenigen, die an der Veranstaltung teilnehmen und einen Urlaub oder ein Wochenende in Sanremo verbringen m\u00f6chten.<\/p>\n<p>[\/et_pb_text][et_pb_button button_url=&#8220;https:\/\/carnevalesanremo.it\/de\/tickets-fur-die-blumenparade-in-san-remo-in-voller-blute-2020\/&#8220; url_new_window=&#8220;on&#8220; button_text=&#8220;TICKETS&#8220; button_alignment=&#8220;center&#8220; admin_label=&#8220;BIGLIETTI&#8220; _builder_version=&#8220;4.22.0&#8243; _module_preset=&#8220;default&#8220; custom_button=&#8220;on&#8220; button_text_color=&#8220;#FFFFFF&#8220; button_bg_color=&#8220;#f92e20&#8243; button_border_width=&#8220;0px&#8220; button_icon=&#8220;&#xf3ff;||fa||900&#8243; button_icon_placement=&#8220;left&#8220; button_on_hover=&#8220;off&#8220; global_colors_info=&#8220;{}&#8220;][\/et_pb_button][\/et_pb_column][\/et_pb_row][\/et_pb_section][et_pb_section fb_built=&#8220;1&#8243; _builder_version=&#8220;4.19.4&#8243; _module_preset=&#8220;default&#8220; background_enable_color=&#8220;off&#8220; locked=&#8220;off&#8220; global_colors_info=&#8220;{}&#8220;][et_pb_row column_structure=&#8220;1_4,1_4,1_4,1_4&#8243; _builder_version=&#8220;4.19.4&#8243; _module_preset=&#8220;default&#8220; global_colors_info=&#8220;{}&#8220;][et_pb_column type=&#8220;1_4&#8243; _builder_version=&#8220;4.19.4&#8243; _module_preset=&#8220;default&#8220; global_colors_info=&#8220;{}&#8220;][et_pb_icon font_icon=&#8220;&#xf236;||fa||900&#8243; icon_color=&#8220;#f92e20&#8243; icon_width=&#8220;80px&#8220; _builder_version=&#8220;4.19.4&#8243; _module_preset=&#8220;default&#8220; global_colors_info=&#8220;{}&#8220;][\/et_pb_icon][et_pb_button button_url=&#8220;https:\/\/carnevalesanremo.it\/de\/hotels-blumenparade-von-sanremo\/&#8220; url_new_window=&#8220;on&#8220; button_text=&#8220;HOTEL&#8220; button_alignment=&#8220;center&#8220; _builder_version=&#8220;4.22.0&#8243; _module_preset=&#8220;default&#8220; custom_button=&#8220;on&#8220; button_text_color=&#8220;#E02B20&#8243; button_border_color=&#8220;RGBA(255,255,255,0)&#8220; button_font=&#8220;||||||||&#8220; button_icon=&#8220;&#x24;||divi||400&#8243; button_on_hover=&#8220;off&#8220; transform_scale=&#8220;112%|112%&#8220; global_colors_info=&#8220;{}&#8220;][\/et_pb_button][\/et_pb_column][et_pb_column type=&#8220;1_4&#8243; _builder_version=&#8220;4.19.4&#8243; _module_preset=&#8220;default&#8220; global_colors_info=&#8220;{}&#8220;][et_pb_icon font_icon=&#8220;&#xf0f2;||fa||900&#8243; icon_color=&#8220;#f92e20&#8243; icon_width=&#8220;80px&#8220; _builder_version=&#8220;4.19.4&#8243; _module_preset=&#8220;default&#8220; global_colors_info=&#8220;{}&#8220;][\/et_pb_icon][et_pb_button button_url=&#8220;https:\/\/carnevalesanremo.it\/de\/pakete-blumenparade-san-remo-in-voller-blute\/&#8220; url_new_window=&#8220;on&#8220; button_text=&#8220;PAKETE&#8220; button_alignment=&#8220;center&#8220; _builder_version=&#8220;4.22.0&#8243; _module_preset=&#8220;default&#8220; custom_button=&#8220;on&#8220; button_text_color=&#8220;#E02B20&#8243; button_border_color=&#8220;RGBA(255,255,255,0)&#8220; button_font=&#8220;||||||||&#8220; button_icon=&#8220;&#x24;||divi||400&#8243; button_on_hover=&#8220;off&#8220; transform_scale=&#8220;112%|112%&#8220; global_colors_info=&#8220;{}&#8220;][\/et_pb_button][\/et_pb_column][et_pb_column type=&#8220;1_4&#8243; _builder_version=&#8220;4.19.4&#8243; _module_preset=&#8220;default&#8220; global_colors_info=&#8220;{}&#8220;][et_pb_icon font_icon=&#8220;&#xe075;||divi||400&#8243; icon_color=&#8220;#f92e20&#8243; icon_width=&#8220;80px&#8220; _builder_version=&#8220;4.19.4&#8243; _module_preset=&#8220;default&#8220; global_colors_info=&#8220;{}&#8220;][\/et_pb_icon][et_pb_button button_url=&#8220;https:\/\/carnevalesanremo.it\/de\/aufenthalt-in-san-remo\/ausfluge-blumenparade-2020\/&#8220; url_new_window=&#8220;on&#8220; button_text=&#8220;AUSFL\u00dcGE&#8220; button_alignment=&#8220;center&#8220; _builder_version=&#8220;4.22.0&#8243; _module_preset=&#8220;default&#8220; custom_button=&#8220;on&#8220; button_text_color=&#8220;#E02B20&#8243; button_border_color=&#8220;RGBA(255,255,255,0)&#8220; button_font=&#8220;||||||||&#8220; button_icon=&#8220;&#x24;||divi||400&#8243; button_on_hover=&#8220;off&#8220; transform_scale=&#8220;112%|112%&#8220; global_colors_info=&#8220;{}&#8220;][\/et_pb_button][\/et_pb_column][et_pb_column type=&#8220;1_4&#8243; _builder_version=&#8220;4.19.4&#8243; _module_preset=&#8220;default&#8220; global_colors_info=&#8220;{}&#8220;][et_pb_icon font_icon=&#8220;&#xe08b;||divi||400&#8243; icon_color=&#8220;#f92e20&#8243; icon_width=&#8220;80px&#8220; _builder_version=&#8220;4.19.4&#8243; _module_preset=&#8220;default&#8220; global_colors_info=&#8220;{}&#8220;][\/et_pb_icon][et_pb_button button_url=&#8220;https:\/\/carnevalesanremo.it\/de\/aufenthalt-in-san-remo\/blumenparade-san-remo-voller-blute-2020\/&#8220; url_new_window=&#8220;on&#8220; button_text=&#8220;GRUPPEN&#8220; button_alignment=&#8220;center&#8220; _builder_version=&#8220;4.22.0&#8243; _module_preset=&#8220;default&#8220; custom_button=&#8220;on&#8220; button_text_color=&#8220;#E02B20&#8243; button_border_color=&#8220;RGBA(255,255,255,0)&#8220; button_font=&#8220;||||||||&#8220; button_icon=&#8220;&#x24;||divi||400&#8243; button_on_hover=&#8220;off&#8220; transform_scale=&#8220;112%|112%&#8220; global_colors_info=&#8220;{}&#8220;][\/et_pb_button][\/et_pb_column][\/et_pb_row][\/et_pb_section][et_pb_section fb_built=&#8220;1&#8243; _builder_version=&#8220;4.19.4&#8243; _module_preset=&#8220;default&#8220; locked=&#8220;off&#8220; global_colors_info=&#8220;{}&#8220;][et_pb_row column_structure=&#8220;3_5,2_5&#8243; _builder_version=&#8220;4.19.4&#8243; _module_preset=&#8220;default&#8220; global_colors_info=&#8220;{}&#8220;][et_pb_column type=&#8220;3_5&#8243; _builder_version=&#8220;4.19.4&#8243; _module_preset=&#8220;default&#8220; background_image=&#8220;https:\/\/carnevalesanremo.it\/wp-content\/uploads\/2023\/01\/CARENVALE-SANREMO-CARRI-FIORITI-SANREMO-IN-FIORE-CORSO-FIORITO.jpg&#8220; global_colors_info=&#8220;{}&#8220;][et_pb_divider show_divider=&#8220;off&#8220; _builder_version=&#8220;4.19.4&#8243; _module_preset=&#8220;default&#8220; min_height=&#8220;600px&#8220; global_colors_info=&#8220;{}&#8220;][\/et_pb_divider][\/et_pb_column][et_pb_column type=&#8220;2_5&#8243; _builder_version=&#8220;4.19.4&#8243; _module_preset=&#8220;default&#8220; global_colors_info=&#8220;{}&#8220;][et_pb_text _builder_version=&#8220;4.22.0&#8243; _module_preset=&#8220;default&#8220; text_text_color=&#8220;#E02B20&#8243; text_font_size=&#8220;46px&#8220; text_line_height=&#8220;1.1em&#8220; global_colors_info=&#8220;{}&#8220;]<\/p>\n<p><strong>ERFAHRE ALLES \u00dcBER DIE<br \/>BLUMENWAGEN<br \/>VON SANREMO<\/strong><\/p>\n<p>[\/et_pb_text][et_pb_button button_url=&#8220;https:\/\/carnevalesanremo.it\/de\/san-remo-in-voller-blute-1980-heute\/&#8220; url_new_window=&#8220;on&#8220; button_text=&#8220;GESCHICHTE&#8220; admin_label=&#8220;STORIA&#8220; _builder_version=&#8220;4.22.0&#8243; _module_preset=&#8220;default&#8220; custom_button=&#8220;on&#8220; button_text_color=&#8220;#FFFFFF&#8220; button_bg_color=&#8220;#f92e20&#8243; button_border_width=&#8220;0px&#8220; button_icon=&#8220;&#xf02e;||fa||400&#8243; button_icon_placement=&#8220;left&#8220; button_on_hover=&#8220;off&#8220; global_colors_info=&#8220;{}&#8220;][\/et_pb_button][et_pb_button button_url=&#8220;https:\/\/carnevalesanremo.it\/de\/die-parade-des-blumenkorsos-von-san-remo-1900-1966\/&#8220; url_new_window=&#8220;on&#8220; button_text=&#8220;BLUMENWAGEN&#8220; admin_label=&#8220;PROGRAMMA&#8220; _builder_version=&#8220;4.22.0&#8243; _module_preset=&#8220;default&#8220; custom_button=&#8220;on&#8220; button_text_color=&#8220;#FFFFFF&#8220; button_bg_color=&#8220;#f92e20&#8243; button_border_width=&#8220;0px&#8220; button_icon=&#8220;&#xe00a;||divi||400&#8243; button_icon_placement=&#8220;left&#8220; button_on_hover=&#8220;off&#8220; global_colors_info=&#8220;{}&#8220;][\/et_pb_button][et_pb_button button_url=&#8220;https:\/\/carnevalesanremo.it\/de\/technologie-des-blumenkorsos-von-san-remo\/&#8220; url_new_window=&#8220;on&#8220; button_text=&#8220;TECHNOLOGIE DES BLUMENKORSOS&#8220; admin_label=&#8220;tecnologia dei carri&#8220; _builder_version=&#8220;4.22.0&#8243; _module_preset=&#8220;default&#8220; custom_button=&#8220;on&#8220; button_text_color=&#8220;#FFFFFF&#8220; button_bg_color=&#8220;#f92e20&#8243; button_border_width=&#8220;0px&#8220; button_icon=&#8220;&#xf20e;||fa||400&#8243; button_icon_placement=&#8220;left&#8220; button_on_hover=&#8220;off&#8220; global_colors_info=&#8220;{}&#8220;][\/et_pb_button][\/et_pb_column][\/et_pb_row][\/et_pb_section][et_pb_section fb_built=&#8220;1&#8243; _builder_version=&#8220;4.19.4&#8243; _module_preset=&#8220;default&#8220; background_image=&#8220;https:\/\/carnevalesanremo.it\/wp-content\/uploads\/2023\/01\/corso-fiorito-mappa-percorso-carri-fioriti.jpg&#8220; locked=&#8220;off&#8220; global_colors_info=&#8220;{}&#8220;][et_pb_row column_structure=&#8220;1_6,1_6,1_6,1_6,1_6,1_6&#8243; _builder_version=&#8220;4.19.4&#8243; _module_preset=&#8220;default&#8220; global_colors_info=&#8220;{}&#8220;][et_pb_column type=&#8220;1_6&#8243; _builder_version=&#8220;4.19.4&#8243; _module_preset=&#8220;default&#8220; global_colors_info=&#8220;{}&#8220;][\/et_pb_column][et_pb_column type=&#8220;1_6&#8243; _builder_version=&#8220;4.19.4&#8243; _module_preset=&#8220;default&#8220; global_colors_info=&#8220;{}&#8220;][\/et_pb_column][et_pb_column type=&#8220;1_6&#8243; _builder_version=&#8220;4.19.4&#8243; _module_preset=&#8220;default&#8220; global_colors_info=&#8220;{}&#8220;][et_pb_button button_url=&#8220;https:\/\/carnevalesanremo.it\/de\/parkgebiete-fur-das-san-remo-in-voller-blute\/&#8220; url_new_window=&#8220;on&#8220; button_text=&#8220;PARKPL\u00c4TZE&#8220; admin_label=&#8220;PARCHEGGI&#8220; _builder_version=&#8220;4.22.0&#8243; _module_preset=&#8220;default&#8220; custom_button=&#8220;on&#8220; button_text_color=&#8220;#FFFFFF&#8220; button_bg_color=&#8220;#E02B20&#8243; button_border_width=&#8220;0px&#8220; button_icon=&#8220;&#xf1b9;||fa||900&#8243; button_icon_placement=&#8220;left&#8220; button_on_hover=&#8220;off&#8220; global_colors_info=&#8220;{}&#8220;][\/et_pb_button][\/et_pb_column][et_pb_column type=&#8220;1_6&#8243; _builder_version=&#8220;4.19.4&#8243; _module_preset=&#8220;default&#8220; global_colors_info=&#8220;{}&#8220;][et_pb_button button_url=&#8220;https:\/\/carnevalesanremo.it\/de\/die-route-der-blumenwagen-von-sanremo-in-fiore\/&#8220; url_new_window=&#8220;on&#8220; button_text=&#8220;ROUTE&#8220; admin_label=&#8220;PERCORSO&#8220; _builder_version=&#8220;4.22.0&#8243; _module_preset=&#8220;default&#8220; custom_button=&#8220;on&#8220; button_text_color=&#8220;#FFFFFF&#8220; button_bg_color=&#8220;#E02B20&#8243; button_border_width=&#8220;0px&#8220; button_icon=&#8220;&#xf4d7;||fa||900&#8243; button_icon_placement=&#8220;left&#8220; button_on_hover=&#8220;off&#8220; global_colors_info=&#8220;{}&#8220;][\/et_pb_button][\/et_pb_column][et_pb_column type=&#8220;1_6&#8243; _builder_version=&#8220;4.19.4&#8243; _module_preset=&#8220;default&#8220; global_colors_info=&#8220;{}&#8220;][\/et_pb_column][et_pb_column type=&#8220;1_6&#8243; _builder_version=&#8220;4.19.4&#8243; _module_preset=&#8220;default&#8220; global_colors_info=&#8220;{}&#8220;][\/et_pb_column][\/et_pb_row][\/et_pb_section]<\/p>\n","protected":false},"excerpt":{"rendered":"<p>BLUMENCORSO SAN REMO IN BL\u00dcTE 29 | 03 | 2026 Die Veranstaltung der ber\u00fchmten Blumenwagen findet traditionell im M\u00e4rz statt, mit einem Umzug von Blumenwagen und Musikkapellen, um die Tradition des Blumenkarnevals von Sanremo, der in der Belle Epoque als Fest der G\u00f6ttin Flora entstand, zu erneuern. Auf unserer Website k\u00f6nnen Sie Tickets f\u00fcr Sitzpl\u00e4tze [&hellip;]<\/p>\n","protected":false},"author":1,"featured_media":0,"parent":0,"menu_order":0,"comment_status":"closed","ping_status":"open","template":"","meta":{"_et_pb_use_builder":"on","_et_pb_old_content":"","_et_gb_content_width":"","footnotes":""},"yoast_head":"<!-- This site is optimized with the Yoast SEO plugin v21.9.1 - https:\/\/yoast.com\/wordpress\/plugins\/seo\/ -->\n<title>Homepage | SANREMO CORSO FIORITO 2026<\/title>\n<meta name=\"description\" content=\"Die Tradition des San Remo Karnevals Blumenparade ist jetzt die j\u00e4hrliche Parade des Blumenkorsos von San Remo in voller Bl\u00fcte geworden.\" \/>\n<meta name=\"robots\" content=\"index, follow, max-snippet:-1, max-image-preview:large, max-video-preview:-1\" \/>\n<link rel=\"canonical\" href=\"https:\/\/carnevalesanremo.it\/de\/\" \/>\n<meta property=\"og:locale\" content=\"de_DE\" \/>\n<meta property=\"og:type\" content=\"article\" \/>\n<meta property=\"og:title\" content=\"Homepage | SANREMO CORSO FIORITO 2026\" \/>\n<meta property=\"og:description\" content=\"Die Tradition des San Remo Karnevals Blumenparade ist jetzt die j\u00e4hrliche Parade des Blumenkorsos von San Remo in voller Bl\u00fcte geworden.\" \/>\n<meta property=\"og:url\" content=\"https:\/\/carnevalesanremo.it\/de\/\" \/>\n<meta property=\"og:site_name\" content=\"SANREMO CORSO FIORITO 2026\" \/>\n<meta property=\"article:modified_time\" content=\"2026-02-16T09:17:11+00:00\" \/>\n<meta name=\"twitter:label1\" content=\"Gesch\u00e4tzte Lesezeit\" \/>\n\t<meta name=\"twitter:data1\" content=\"1\u00a0Minute\" \/>\n<script type=\"application\/ld+json\" class=\"yoast-schema-graph\">{\"@context\":\"https:\/\/schema.org\",\"@graph\":[{\"@type\":\"WebPage\",\"@id\":\"https:\/\/carnevalesanremo.it\/de\/\",\"url\":\"https:\/\/carnevalesanremo.it\/de\/\",\"name\":\"Homepage | SANREMO CORSO FIORITO 2026\",\"isPartOf\":{\"@id\":\"https:\/\/carnevalesanremo.it\/#website\"},\"datePublished\":\"2016-01-23T16:21:30+00:00\",\"dateModified\":\"2026-02-16T09:17:11+00:00\",\"description\":\"Die Tradition des San Remo Karnevals Blumenparade ist jetzt die j\u00e4hrliche Parade des Blumenkorsos von San Remo in voller Bl\u00fcte geworden.\",\"breadcrumb\":{\"@id\":\"https:\/\/carnevalesanremo.it\/de\/#breadcrumb\"},\"inLanguage\":\"de\",\"potentialAction\":[{\"@type\":\"ReadAction\",\"target\":[\"https:\/\/carnevalesanremo.it\/de\/\"]}]},{\"@type\":\"BreadcrumbList\",\"@id\":\"https:\/\/carnevalesanremo.it\/de\/#breadcrumb\",\"itemListElement\":[{\"@type\":\"ListItem\",\"position\":1,\"name\":\"Home\",\"item\":\"https:\/\/carnevalesanremo.it\/de\/\"},{\"@type\":\"ListItem\",\"position\":2,\"name\":\"Homepage\"}]},{\"@type\":\"WebSite\",\"@id\":\"https:\/\/carnevalesanremo.it\/#website\",\"url\":\"https:\/\/carnevalesanremo.it\/\",\"name\":\"SANREMO CORSO FIORITO 2026\",\"description\":\"BLUMENPARADE | BLUMENCORSO | KARNAVAL VON SAN REMO 2026\",\"potentialAction\":[{\"@type\":\"SearchAction\",\"target\":{\"@type\":\"EntryPoint\",\"urlTemplate\":\"https:\/\/carnevalesanremo.it\/?s={search_term_string}\"},\"query-input\":\"required name=search_term_string\"}],\"inLanguage\":\"de\"}]}<\/script>\n<!-- \/ Yoast SEO plugin. -->","yoast_head_json":{"title":"Homepage | SANREMO CORSO FIORITO 2026","description":"Die Tradition des San Remo Karnevals Blumenparade ist jetzt die j\u00e4hrliche Parade des Blumenkorsos von San Remo in voller Bl\u00fcte geworden.","robots":{"index":"index","follow":"follow","max-snippet":"max-snippet:-1","max-image-preview":"max-image-preview:large","max-video-preview":"max-video-preview:-1"},"canonical":"https:\/\/carnevalesanremo.it\/de\/","og_locale":"de_DE","og_type":"article","og_title":"Homepage | SANREMO CORSO FIORITO 2026","og_description":"Die Tradition des San Remo Karnevals Blumenparade ist jetzt die j\u00e4hrliche Parade des Blumenkorsos von San Remo in voller Bl\u00fcte geworden.","og_url":"https:\/\/carnevalesanremo.it\/de\/","og_site_name":"SANREMO CORSO FIORITO 2026","article_modified_time":"2026-02-16T09:17:11+00:00","twitter_misc":{"Gesch\u00e4tzte Lesezeit":"1\u00a0Minute"},"schema":{"@context":"https:\/\/schema.org","@graph":[{"@type":"WebPage","@id":"https:\/\/carnevalesanremo.it\/de\/","url":"https:\/\/carnevalesanremo.it\/de\/","name":"Homepage | SANREMO CORSO FIORITO 2026","isPartOf":{"@id":"https:\/\/carnevalesanremo.it\/#website"},"datePublished":"2016-01-23T16:21:30+00:00","dateModified":"2026-02-16T09:17:11+00:00","description":"Die Tradition des San Remo Karnevals Blumenparade ist jetzt die j\u00e4hrliche Parade des Blumenkorsos von San Remo in voller Bl\u00fcte geworden.","breadcrumb":{"@id":"https:\/\/carnevalesanremo.it\/de\/#breadcrumb"},"inLanguage":"de","potentialAction":[{"@type":"ReadAction","target":["https:\/\/carnevalesanremo.it\/de\/"]}]},{"@type":"BreadcrumbList","@id":"https:\/\/carnevalesanremo.it\/de\/#breadcrumb","itemListElement":[{"@type":"ListItem","position":1,"name":"Home","item":"https:\/\/carnevalesanremo.it\/de\/"},{"@type":"ListItem","position":2,"name":"Homepage"}]},{"@type":"WebSite","@id":"https:\/\/carnevalesanremo.it\/#website","url":"https:\/\/carnevalesanremo.it\/","name":"SANREMO CORSO FIORITO 2026","description":"BLUMENPARADE | BLUMENCORSO | KARNAVAL VON SAN REMO 2026","potentialAction":[{"@type":"SearchAction","target":{"@type":"EntryPoint","urlTemplate":"https:\/\/carnevalesanremo.it\/?s={search_term_string}"},"query-input":"required name=search_term_string"}],"inLanguage":"de"}]}},"_links":{"self":[{"href":"https:\/\/carnevalesanremo.it\/de\/wp-json\/wp\/v2\/pages\/26709"}],"collection":[{"href":"https:\/\/carnevalesanremo.it\/de\/wp-json\/wp\/v2\/pages"}],"about":[{"href":"https:\/\/carnevalesanremo.it\/de\/wp-json\/wp\/v2\/types\/page"}],"author":[{"embeddable":true,"href":"https:\/\/carnevalesanremo.it\/de\/wp-json\/wp\/v2\/users\/1"}],"replies":[{"embeddable":true,"href":"https:\/\/carnevalesanremo.it\/de\/wp-json\/wp\/v2\/comments?post=26709"}],"version-history":[{"count":22,"href":"https:\/\/carnevalesanremo.it\/de\/wp-json\/wp\/v2\/pages\/26709\/revisions"}],"predecessor-version":[{"id":238046,"href":"https:\/\/carnevalesanremo.it\/de\/wp-json\/wp\/v2\/pages\/26709\/revisions\/238046"}],"wp:attachment":[{"href":"https:\/\/carnevalesanremo.it\/de\/wp-json\/wp\/v2\/media?parent=26709"}],"curies":[{"name":"wp","href":"https:\/\/api.w.org\/{rel}","templated":true}]}}