{"id":26330,"date":"2016-01-17T05:04:05","date_gmt":"2016-01-17T05:04:05","guid":{"rendered":"http:\/\/carnevalesanremo.it\/forfaits-parade-florale-san-remo-en-fleurs-2016\/"},"modified":"2025-02-17T12:27:18","modified_gmt":"2025-02-17T12:27:18","slug":"forfaits-parade-florale-san-remo-en-fleurs","status":"publish","type":"page","link":"https:\/\/carnevalesanremo.it\/fr\/forfaits-parade-florale-san-remo-en-fleurs\/","title":{"rendered":"Forfaits Parade florale San Remo en fleurs"},"content":{"rendered":"<p>[et_pb_section fb_built=\u00a0\u00bb1&Prime; fullwidth=\u00a0\u00bbon\u00a0\u00bb _builder_version=\u00a0\u00bb4.17.4&Prime; _module_preset=\u00a0\u00bbdefault\u00a0\u00bb locked=\u00a0\u00bboff\u00a0\u00bb global_colors_info=\u00a0\u00bb{}\u00a0\u00bb][et_pb_fullwidth_slider _builder_version=\u00a0\u00bb4.22.0&Prime; _module_preset=\u00a0\u00bbdefault\u00a0\u00bb global_colors_info=\u00a0\u00bb{}\u00a0\u00bb][et_pb_slide heading=\u00a0\u00bbForfaits Sanremo Corso Fiorito\u00a0\u00bb _builder_version=\u00a0\u00bb4.22.0&Prime; _module_preset=\u00a0\u00bbdefault\u00a0\u00bb background_image=\u00a0\u00bbhttps:\/\/carnevalesanremo.it\/wp-content\/uploads\/2024\/02\/pacchetti-corso-fiorito-sanremo-in-fiore_.jpeg\u00a0\u00bb background_enable_image=\u00a0\u00bbon\u00a0\u00bb global_colors_info=\u00a0\u00bb{}\u00a0\u00bb sticky_transition=\u00a0\u00bbon\u00a0\u00bb][\/et_pb_slide][\/et_pb_fullwidth_slider][\/et_pb_section][et_pb_section fb_built=\u00a0\u00bb1&Prime; admin_label=\u00a0\u00bbsection\u00a0\u00bb _builder_version=\u00a0\u00bb4.16&Prime; locked=\u00a0\u00bboff\u00a0\u00bb global_colors_info=\u00a0\u00bb{}\u00a0\u00bb][et_pb_row admin_label=\u00a0\u00bbrow\u00a0\u00bb _builder_version=\u00a0\u00bb4.16&Prime; background_size=\u00a0\u00bbinitial\u00a0\u00bb background_position=\u00a0\u00bbtop_left\u00a0\u00bb background_repeat=\u00a0\u00bbrepeat\u00a0\u00bb global_colors_info=\u00a0\u00bb{}\u00a0\u00bb][et_pb_column type=\u00a0\u00bb4_4&Prime; _builder_version=\u00a0\u00bb4.16&Prime; custom_padding=\u00a0\u00bb|||\u00a0\u00bb global_colors_info=\u00a0\u00bb{}\u00a0\u00bb custom_padding__hover=\u00a0\u00bb|||\u00a0\u00bb][et_pb_text admin_label=\u00a0\u00bbText\u00a0\u00bb _builder_version=\u00a0\u00bb4.22.0&Prime; background_size=\u00a0\u00bbinitial\u00a0\u00bb background_position=\u00a0\u00bbtop_left\u00a0\u00bb background_repeat=\u00a0\u00bbrepeat\u00a0\u00bb global_colors_info=\u00a0\u00bb{}\u00a0\u00bb]<\/p>\n<h3>Vivre l&rsquo;atmosph\u00e8re du Carnaval de Sanremo en achetant nos forfaits Corso Fiorito <em>Sanremo in Fiore<\/em><\/h3>\n<p>Vous participerez au d\u00e9fil\u00e9 des chars fleuris, mais vous d\u00e9couvrirez \u00e9galement les beaut\u00e9s naturelles de Sanremo et de la Riviera dei Fiori.<\/p>\n<p>&nbsp;<\/p>\n<h3><strong>LA MAGIE DU CORSO FIORITO DE SANREMO 2024<\/strong><\/h3>\n<h3>Voici les forfaits <strong>corso fiorito Sanremo in Fiore<\/strong> que nous vous proposons cette ann\u00e9e<\/h3>\n<p>&nbsp;<\/p>\n<p><em>\u00a0<\/em><\/p>\n<p>[\/et_pb_text][et_pb_cta title=\u00a0\u00bbR\u00c9SERVATIONS EN LIGNE\u00a0\u00bb button_url=\u00a0\u00bbhttps:\/\/tours.ntbooking.it\/search_list.php\u00a0\u00bb button_text=\u00a0\u00bbR\u00c9SERVEZ ICI\u00a0\u00bb _builder_version=\u00a0\u00bb4.22.0&Prime; _module_preset=\u00a0\u00bbdefault\u00a0\u00bb background_color=\u00a0\u00bb#E02B20&Prime; custom_button=\u00a0\u00bbon\u00a0\u00bb button_text_color=\u00a0\u00bb#E02B20&Prime; button_bg_color=\u00a0\u00bb#FFFFFF\u00a0\u00bb button_border_color=\u00a0\u00bb#E02B20&Prime; locked=\u00a0\u00bboff\u00a0\u00bb global_colors_info=\u00a0\u00bb{}\u00a0\u00bb][\/et_pb_cta][\/et_pb_column][\/et_pb_row][et_pb_row _builder_version=\u00a0\u00bb4.22.0&Prime; _module_preset=\u00a0\u00bbdefault\u00a0\u00bb global_colors_info=\u00a0\u00bb{}\u00a0\u00bb][et_pb_column type=\u00a0\u00bb4_4&Prime; _builder_version=\u00a0\u00bb4.22.0&Prime; _module_preset=\u00a0\u00bbdefault\u00a0\u00bb global_colors_info=\u00a0\u00bb{}\u00a0\u00bb][et_pb_pricing_tables _builder_version=\u00a0\u00bb4.22.0&Prime; _module_preset=\u00a0\u00bbdefault\u00a0\u00bb custom_button=\u00a0\u00bbon\u00a0\u00bb button_text_color=\u00a0\u00bb#FFFFFF\u00a0\u00bb button_bg_color=\u00a0\u00bb#E02B20&Prime; button_border_color=\u00a0\u00bb#FFFFFF\u00a0\u00bb hover_enabled=\u00a0\u00bb0&Prime; global_colors_info=\u00a0\u00bb{}\u00a0\u00bb sticky_enabled=\u00a0\u00bb0&Prime;][et_pb_pricing_table title=\u00a0\u00bbForfait Rose\u00a0\u00bb currency=\u00a0\u00bb\u20ac\u00a0\u00bb per=\u00a0\u00bbp.p.\u00a0\u00bb sum=\u00a0\u00bb199&Prime; button_url=\u00a0\u00bbhttps:\/\/tours.ntbooking.it\/search_list.php\u00a0\u00bb button_text=\u00a0\u00bbR\u00c9SERVEZ MAINTENANT\u00a0\u00bb _builder_version=\u00a0\u00bb4.22.0&Prime; _module_preset=\u00a0\u00bbdefault\u00a0\u00bb hover_enabled=\u00a0\u00bb0&Prime; global_colors_info=\u00a0\u00bb{}\u00a0\u00bb sticky_transition=\u00a0\u00bbon\u00a0\u00bb sticky_enabled=\u00a0\u00bb0&Prime;]<\/p>\n<p>H\u00e9bergement en <strong>h\u00f4tel 4 \u00e9toiles<\/strong><br \/>2 nuits en <strong>chambre double<\/strong><br \/>2 petits d\u00e9jeuners buffet<br \/>1 d\u00eener pour deux personnes avec un menu de 3 plats<br \/>2 <strong>billets pour la tribune<\/strong> de la parade<br \/>Parking gratuit<br \/>Nuit suppl\u00e9mentaire : 69 \u20ac<\/p>\n<p>[\/et_pb_pricing_table][et_pb_pricing_table title=\u00a0\u00bbForfait Orchid\u00e9e\u00a0\u00bb currency=\u00a0\u00bb\u20ac\u00a0\u00bb per=\u00a0\u00bbp.p.\u00a0\u00bb sum=\u00a0\u00bb249&Prime; button_url=\u00a0\u00bbhttps:\/\/tours.ntbooking.it\/search_list.php\u00a0\u00bb button_text=\u00a0\u00bbR\u00c9SERVEZ MAINTENANT\u00a0\u00bb _builder_version=\u00a0\u00bb4.22.0&Prime; _module_preset=\u00a0\u00bbdefault\u00a0\u00bb hover_enabled=\u00a0\u00bb0&Prime; global_colors_info=\u00a0\u00bb{}\u00a0\u00bb sticky_transition=\u00a0\u00bbon\u00a0\u00bb sticky_enabled=\u00a0\u00bb0&Prime;]<\/p>\n<p>H\u00e9bergement en h\u00f4tel 4 \u00e9toiles<br \/>2 nuits en <strong>junior suite avec lit double<\/strong><br \/>2 petits d\u00e9jeuners buffet<br \/>1 d\u00eener pour deux personnes avec un menu de 3 plats<br \/>2 <strong>billets pour la tribune<\/strong> de la parade<br \/>Parking gratuit<br \/>Nuit suppl\u00e9mentaire : 89 \u20ac<br \/>Lit b\u00e9b\u00e9 (0-3 ans) : 10 \u20ac<br \/>Enfants de 4 \u00e0 12 ans sur lit d&rsquo;appoint : 30 \u20ac<\/p>\n<p>[\/et_pb_pricing_table][et_pb_pricing_table title=\u00a0\u00bbForfait Renoncule\u00a0\u00bb currency=\u00a0\u00bb\u20ac\u00a0\u00bb per=\u00a0\u00bbp.p.\u00a0\u00bb sum=\u00a0\u00bb299&Prime; button_url=\u00a0\u00bbhttps:\/\/tours.ntbooking.it\/search_list.php\u00a0\u00bb button_text=\u00a0\u00bbR\u00c9SERVEZ MAINTENANT\u00a0\u00bb _builder_version=\u00a0\u00bb4.22.0&Prime; _module_preset=\u00a0\u00bbdefault\u00a0\u00bb hover_enabled=\u00a0\u00bb0&Prime; global_colors_info=\u00a0\u00bb{}\u00a0\u00bb sticky_transition=\u00a0\u00bbon\u00a0\u00bb sticky_enabled=\u00a0\u00bb0&Prime;]<\/p>\n<p>H\u00e9bergement en h\u00f4tel 4 \u00e9toiles<br \/>2 nuits en <strong>suite vue mer avec lit double<\/strong><br \/>2 petits d\u00e9jeuners buffet<br \/>1 d\u00eener pour deux personnes avec un menu de 3 plats<br \/>2 <strong>billets pour la tribune<\/strong> de la parade<br \/>Parking gratuit<br \/>Nuit suppl\u00e9mentaire : 129 \u20ac par personne<br \/>Lit b\u00e9b\u00e9 (0-3 ans) : 10 \u20ac par personne<br \/>Enfants de 4 \u00e0 12 ans sur lit d&rsquo;appoint : 30 \u20ac par personne<\/p>\n<p>[\/et_pb_pricing_table][\/et_pb_pricing_tables][et_pb_cta title=\u00a0\u00bbR\u00c9SERVATIONS EN LIGNE\u00a0\u00bb button_url=\u00a0\u00bbhttps:\/\/tours.ntbooking.it\/search_list.php\u00a0\u00bb button_text=\u00a0\u00bbR\u00c9SERVEZ ICI\u00a0\u00bb _builder_version=\u00a0\u00bb4.22.0&Prime; _module_preset=\u00a0\u00bbdefault\u00a0\u00bb background_color=\u00a0\u00bb#E02B20&Prime; custom_button=\u00a0\u00bbon\u00a0\u00bb button_text_color=\u00a0\u00bb#E02B20&Prime; button_bg_color=\u00a0\u00bb#FFFFFF\u00a0\u00bb button_border_color=\u00a0\u00bb#E02B20&Prime; locked=\u00a0\u00bboff\u00a0\u00bb global_colors_info=\u00a0\u00bb{}\u00a0\u00bb][\/et_pb_cta][\/et_pb_column][\/et_pb_row][et_pb_row _builder_version=\u00a0\u00bb4.22.0&Prime; _module_preset=\u00a0\u00bbdefault\u00a0\u00bb global_colors_info=\u00a0\u00bb{}\u00a0\u00bb][et_pb_column type=\u00a0\u00bb4_4&Prime; _builder_version=\u00a0\u00bb4.22.0&Prime; _module_preset=\u00a0\u00bbdefault\u00a0\u00bb global_colors_info=\u00a0\u00bb{}\u00a0\u00bb][et_pb_text admin_label=\u00a0\u00bbinfo\u00a0\u00bb _builder_version=\u00a0\u00bb4.22.0&Prime; background_size=\u00a0\u00bbinitial\u00a0\u00bb background_position=\u00a0\u00bbtop_left\u00a0\u00bb background_repeat=\u00a0\u00bbrepeat\u00a0\u00bb global_colors_info=\u00a0\u00bb{}\u00a0\u00bb]<\/p>\n<h3>Remplissez le formulaire <strong><a href=\"https:\/\/carnevalesanremo.it\/fr\/renseignements-relatifs-a-la-parade-florale-de-san-remo-2\/\" target=\"_blank\" rel=\"noopener\">ICI<\/a><\/strong> pour faire la demande d&rsquo;un forfait sur-mesure.<\/h3>\n<h3>\u00a0<\/h3>\n<h3>Organisation technique<\/h3>\n<p><strong>Nyala Wonder Travel<\/strong> Via Solaro 134 &#8211; 18038 San Remo<br \/><strong>T\u00e9l. : 0184 666 986\u00a0<\/strong> (lun. au vendr. 9h30 \u00e0 17h30 \/ sam. 9h30 \u00e0 13h00)<\/p>\n<p><em>Nous sommes \u00e0 votre disposition pour organiser le meilleur s\u00e9jour possible \u00e0 San Remo !<\/em> <em>Communiquez avec nous pour la cr\u00e9ation d&rsquo;un forfait sur-mesure<\/em>\u00a0<em>!<\/em><\/p>\n<p>[\/et_pb_text][\/et_pb_column][\/et_pb_row][\/et_pb_section]<\/p>\n","protected":false},"excerpt":{"rendered":"<p>Vivre l&rsquo;atmosph\u00e8re du Carnaval de Sanremo en achetant nos forfaits Corso Fiorito Sanremo in Fiore Vous participerez au d\u00e9fil\u00e9 des chars fleuris, mais vous d\u00e9couvrirez \u00e9galement les beaut\u00e9s naturelles de Sanremo et de la Riviera dei Fiori. &nbsp; LA MAGIE DU CORSO FIORITO DE SANREMO 2024 Voici les forfaits corso fiorito Sanremo in Fiore que [&hellip;]<\/p>\n","protected":false},"author":1,"featured_media":0,"parent":0,"menu_order":0,"comment_status":"closed","ping_status":"closed","template":"","meta":{"_et_pb_use_builder":"on","_et_pb_old_content":"<h3>Vivez l'ambiance du carnaval de San Remo en achetant l'un des forfaits Parade florale <em>San Remo en fleurs 2019<span style=\"display: inline-block; width: 0px; overflow: hidden; line-height: 0;\" data-mce-type=\"bookmark\" class=\"mce_SELRES_start\">\ufeff<\/span><\/em>\u00a0: assistez \u00e0 la parade des chars all\u00e9goriques floraux et d\u00e9couvrez la beaut\u00e9 naturelle de San Remo et de la Riviera.<\/h3>\r\n<h3>Les forfaits de la\u00a0Parade florale San Remo en fleurs 2020\u00a0pourront bient\u00f4t \u00eatre r\u00e9serv\u00e9s en ligne.<\/h3>\r\n<strong>FORFAIT ORCHID\u00c9E\u00a0<\/strong>\r\n<ul>\r\n\t<li>2 nuit\u00e9es dans un h\u00f4tel de cat\u00e9gorie sup\u00e9rieure (h\u00f4tels 3 \u00e0 4 \u00e9toiles)\u00a0dans une chambre double, petit-d\u00e9jeuner compris<\/li>\r\n\t<li>1 billet dans la tribune pour assister \u00e0 la\u00a0Parade florale de San Remo<\/li>\r\n<\/ul>\r\n<strong>FORFAIT OEILLET\u00a0<\/strong>\r\n<ul>\r\n\t<li>1\u00a0nuit\u00e9e dans un h\u00f4tel de cat\u00e9gorie sup\u00e9rieure (h\u00f4tels 3 \u00e0 4 \u00e9toiles)\u00a0dans une chambre double, petit-d\u00e9jeuner compris<\/li>\r\n\t<li>1\u00a0billet dans la tribune pour assister \u00e0 la\u00a0Parade florale de San Remo<\/li>\r\n<\/ul>\r\nRemplissez le formulaire suivant pour faire la demande d'un forfait sur-mesure :\r\n\r\n[contact-form-7 id=\"26331\" title=\"Richiesta pacchetto FR\"]\r\n\r\nOrganisation technique : <strong>Nyala Wonder Travel<\/strong> Via Solaro 134 - 18038 San Remo <strong>T\u00e9l. : 0184 666 986\u00a0<\/strong> (lun. au vendr. 9h30 \u00e0 17h30 \/ sam. 9h30 \u00e0 13h00)\r\n\r\n<em>Nous sommes \u00e0 votre disposition pour organiser le meilleur s\u00e9jour possible \u00e0 San Remo !<\/em> <em>Communiquez avec nous pour la cr\u00e9ation d'un forfait sur-mesure<\/em>\u00a0<em>!<\/em>","_et_gb_content_width":"","footnotes":""},"yoast_head":"<!-- This site is optimized with the Yoast SEO plugin v21.9.1 - https:\/\/yoast.com\/wordpress\/plugins\/seo\/ -->\n<title>Forfaits Parade florale San Remo en fleurs | Sanremo Corso Fiorito 2026<\/title>\n<meta name=\"description\" content=\"R\u00e9servez l&#039;un des forfaits Sanremo Corso Fiorito 2026 pour assister au carnaval de San Remo en s\u00e9journant dans l&#039;un de nos h\u00f4tels\" \/>\n<meta name=\"robots\" content=\"index, follow, max-snippet:-1, max-image-preview:large, max-video-preview:-1\" \/>\n<link rel=\"canonical\" href=\"https:\/\/carnevalesanremo.it\/fr\/forfaits-parade-florale-san-remo-en-fleurs\/\" \/>\n<meta property=\"og:locale\" content=\"fr_FR\" \/>\n<meta property=\"og:type\" content=\"article\" \/>\n<meta property=\"og:title\" content=\"Forfaits Parade florale San Remo en fleurs | Sanremo Corso Fiorito 2026\" \/>\n<meta property=\"og:description\" content=\"R\u00e9servez l&#039;un des forfaits Sanremo Corso Fiorito 2026 pour assister au carnaval de San Remo en s\u00e9journant dans l&#039;un de nos h\u00f4tels\" \/>\n<meta property=\"og:url\" content=\"https:\/\/carnevalesanremo.it\/fr\/forfaits-parade-florale-san-remo-en-fleurs\/\" \/>\n<meta property=\"og:site_name\" content=\"Sanremo Corso Fiorito 2026\" \/>\n<meta property=\"article:modified_time\" content=\"2025-02-17T12:27:18+00:00\" \/>\n<meta name=\"twitter:label1\" content=\"Dur\u00e9e de lecture estim\u00e9e\" \/>\n\t<meta name=\"twitter:data1\" content=\"2 minutes\" \/>\n<script type=\"application\/ld+json\" class=\"yoast-schema-graph\">{\"@context\":\"https:\/\/schema.org\",\"@graph\":[{\"@type\":\"WebPage\",\"@id\":\"https:\/\/carnevalesanremo.it\/fr\/forfaits-parade-florale-san-remo-en-fleurs\/\",\"url\":\"https:\/\/carnevalesanremo.it\/fr\/forfaits-parade-florale-san-remo-en-fleurs\/\",\"name\":\"Forfaits Parade florale San Remo en fleurs | Sanremo Corso Fiorito 2026\",\"isPartOf\":{\"@id\":\"https:\/\/carnevalesanremo.it\/#website\"},\"datePublished\":\"2016-01-17T05:04:05+00:00\",\"dateModified\":\"2025-02-17T12:27:18+00:00\",\"description\":\"R\u00e9servez l'un des forfaits Sanremo Corso Fiorito 2026 pour assister au carnaval de San Remo en s\u00e9journant dans l'un de nos h\u00f4tels\",\"breadcrumb\":{\"@id\":\"https:\/\/carnevalesanremo.it\/fr\/forfaits-parade-florale-san-remo-en-fleurs\/#breadcrumb\"},\"inLanguage\":\"fr-FR\",\"potentialAction\":[{\"@type\":\"ReadAction\",\"target\":[\"https:\/\/carnevalesanremo.it\/fr\/forfaits-parade-florale-san-remo-en-fleurs\/\"]}]},{\"@type\":\"BreadcrumbList\",\"@id\":\"https:\/\/carnevalesanremo.it\/fr\/forfaits-parade-florale-san-remo-en-fleurs\/#breadcrumb\",\"itemListElement\":[{\"@type\":\"ListItem\",\"position\":1,\"name\":\"Home\",\"item\":\"https:\/\/carnevalesanremo.it\/fr\/\"},{\"@type\":\"ListItem\",\"position\":2,\"name\":\"Forfaits Parade florale San Remo en fleurs\"}]},{\"@type\":\"WebSite\",\"@id\":\"https:\/\/carnevalesanremo.it\/#website\",\"url\":\"https:\/\/carnevalesanremo.it\/\",\"name\":\"Sanremo Corso Fiorito 2026\",\"description\":\"Chars Fleuri | Carnaval de San Remo 2026\",\"potentialAction\":[{\"@type\":\"SearchAction\",\"target\":{\"@type\":\"EntryPoint\",\"urlTemplate\":\"https:\/\/carnevalesanremo.it\/?s={search_term_string}\"},\"query-input\":\"required name=search_term_string\"}],\"inLanguage\":\"fr-FR\"}]}<\/script>\n<!-- \/ Yoast SEO plugin. -->","yoast_head_json":{"title":"Forfaits Parade florale San Remo en fleurs | Sanremo Corso Fiorito 2026","description":"R\u00e9servez l'un des forfaits Sanremo Corso Fiorito 2026 pour assister au carnaval de San Remo en s\u00e9journant dans l'un de nos h\u00f4tels","robots":{"index":"index","follow":"follow","max-snippet":"max-snippet:-1","max-image-preview":"max-image-preview:large","max-video-preview":"max-video-preview:-1"},"canonical":"https:\/\/carnevalesanremo.it\/fr\/forfaits-parade-florale-san-remo-en-fleurs\/","og_locale":"fr_FR","og_type":"article","og_title":"Forfaits Parade florale San Remo en fleurs | Sanremo Corso Fiorito 2026","og_description":"R\u00e9servez l'un des forfaits Sanremo Corso Fiorito 2026 pour assister au carnaval de San Remo en s\u00e9journant dans l'un de nos h\u00f4tels","og_url":"https:\/\/carnevalesanremo.it\/fr\/forfaits-parade-florale-san-remo-en-fleurs\/","og_site_name":"Sanremo Corso Fiorito 2026","article_modified_time":"2025-02-17T12:27:18+00:00","twitter_misc":{"Dur\u00e9e de lecture estim\u00e9e":"2 minutes"},"schema":{"@context":"https:\/\/schema.org","@graph":[{"@type":"WebPage","@id":"https:\/\/carnevalesanremo.it\/fr\/forfaits-parade-florale-san-remo-en-fleurs\/","url":"https:\/\/carnevalesanremo.it\/fr\/forfaits-parade-florale-san-remo-en-fleurs\/","name":"Forfaits Parade florale San Remo en fleurs | Sanremo Corso Fiorito 2026","isPartOf":{"@id":"https:\/\/carnevalesanremo.it\/#website"},"datePublished":"2016-01-17T05:04:05+00:00","dateModified":"2025-02-17T12:27:18+00:00","description":"R\u00e9servez l'un des forfaits Sanremo Corso Fiorito 2026 pour assister au carnaval de San Remo en s\u00e9journant dans l'un de nos h\u00f4tels","breadcrumb":{"@id":"https:\/\/carnevalesanremo.it\/fr\/forfaits-parade-florale-san-remo-en-fleurs\/#breadcrumb"},"inLanguage":"fr-FR","potentialAction":[{"@type":"ReadAction","target":["https:\/\/carnevalesanremo.it\/fr\/forfaits-parade-florale-san-remo-en-fleurs\/"]}]},{"@type":"BreadcrumbList","@id":"https:\/\/carnevalesanremo.it\/fr\/forfaits-parade-florale-san-remo-en-fleurs\/#breadcrumb","itemListElement":[{"@type":"ListItem","position":1,"name":"Home","item":"https:\/\/carnevalesanremo.it\/fr\/"},{"@type":"ListItem","position":2,"name":"Forfaits Parade florale San Remo en fleurs"}]},{"@type":"WebSite","@id":"https:\/\/carnevalesanremo.it\/#website","url":"https:\/\/carnevalesanremo.it\/","name":"Sanremo Corso Fiorito 2026","description":"Chars Fleuri | Carnaval de San Remo 2026","potentialAction":[{"@type":"SearchAction","target":{"@type":"EntryPoint","urlTemplate":"https:\/\/carnevalesanremo.it\/?s={search_term_string}"},"query-input":"required name=search_term_string"}],"inLanguage":"fr-FR"}]}},"_links":{"self":[{"href":"https:\/\/carnevalesanremo.it\/fr\/wp-json\/wp\/v2\/pages\/26330"}],"collection":[{"href":"https:\/\/carnevalesanremo.it\/fr\/wp-json\/wp\/v2\/pages"}],"about":[{"href":"https:\/\/carnevalesanremo.it\/fr\/wp-json\/wp\/v2\/types\/page"}],"author":[{"embeddable":true,"href":"https:\/\/carnevalesanremo.it\/fr\/wp-json\/wp\/v2\/users\/1"}],"replies":[{"embeddable":true,"href":"https:\/\/carnevalesanremo.it\/fr\/wp-json\/wp\/v2\/comments?post=26330"}],"version-history":[{"count":22,"href":"https:\/\/carnevalesanremo.it\/fr\/wp-json\/wp\/v2\/pages\/26330\/revisions"}],"predecessor-version":[{"id":237741,"href":"https:\/\/carnevalesanremo.it\/fr\/wp-json\/wp\/v2\/pages\/26330\/revisions\/237741"}],"wp:attachment":[{"href":"https:\/\/carnevalesanremo.it\/fr\/wp-json\/wp\/v2\/media?parent=26330"}],"curies":[{"name":"wp","href":"https:\/\/api.w.org\/{rel}","templated":true}]}}