{"id":26360,"date":"2016-01-17T13:44:32","date_gmt":"2016-01-17T13:44:32","guid":{"rendered":"http:\/\/carnevalesanremo.it\/la-technologie-des-chars-allegoriques-floraux-de-san-remo\/"},"modified":"2024-02-19T10:34:22","modified_gmt":"2024-02-19T10:34:22","slug":"la-technologie-des-chars-allegoriques-floraux-de-san-remo","status":"publish","type":"page","link":"https:\/\/carnevalesanremo.it\/fr\/la-technologie-des-chars-allegoriques-floraux-de-san-remo\/","title":{"rendered":"La technologie des chars all\u00e9goriques floraux de San Remo"},"content":{"rendered":"<p>[et_pb_section fb_built=\u00a0\u00bb1&Prime; fullwidth=\u00a0\u00bbon\u00a0\u00bb _builder_version=\u00a0\u00bb4.17.4&Prime; _module_preset=\u00a0\u00bbdefault\u00a0\u00bb locked=\u00a0\u00bboff\u00a0\u00bb global_colors_info=\u00a0\u00bb{}\u00a0\u00bb][et_pb_fullwidth_slider _builder_version=\u00a0\u00bb4.22.0&Prime; _module_preset=\u00a0\u00bbdefault\u00a0\u00bb global_colors_info=\u00a0\u00bb{}\u00a0\u00bb][et_pb_slide heading=\u00a0\u00bbLa technologie des chars all\u00e9goriques floraux de San Remo\u00a0\u00bb _builder_version=\u00a0\u00bb4.22.0&Prime; _module_preset=\u00a0\u00bbdefault\u00a0\u00bb background_image=\u00a0\u00bbhttps:\/\/carnevalesanremo.it\/wp-content\/uploads\/2013\/09\/DSC_0025.jpg\u00a0\u00bb background_enable_image=\u00a0\u00bbon\u00a0\u00bb global_colors_info=\u00a0\u00bb{}\u00a0\u00bb sticky_transition=\u00a0\u00bbon\u00a0\u00bb][\/et_pb_slide][\/et_pb_fullwidth_slider][\/et_pb_section][et_pb_section fb_built=\u00a0\u00bb1&Prime; admin_label=\u00a0\u00bbsection\u00a0\u00bb _builder_version=\u00a0\u00bb4.16&Prime; global_colors_info=\u00a0\u00bb{}\u00a0\u00bb][et_pb_row admin_label=\u00a0\u00bbrow\u00a0\u00bb _builder_version=\u00a0\u00bb4.16&Prime; background_size=\u00a0\u00bbinitial\u00a0\u00bb background_position=\u00a0\u00bbtop_left\u00a0\u00bb background_repeat=\u00a0\u00bbrepeat\u00a0\u00bb global_colors_info=\u00a0\u00bb{}\u00a0\u00bb][et_pb_column type=\u00a0\u00bb4_4&Prime; _builder_version=\u00a0\u00bb4.16&Prime; custom_padding=\u00a0\u00bb|||\u00a0\u00bb global_colors_info=\u00a0\u00bb{}\u00a0\u00bb custom_padding__hover=\u00a0\u00bb|||\u00a0\u00bb][et_pb_text admin_label=\u00a0\u00bbText\u00a0\u00bb _builder_version=\u00a0\u00bb4.22.0&Prime; background_size=\u00a0\u00bbinitial\u00a0\u00bb background_position=\u00a0\u00bbtop_left\u00a0\u00bb background_repeat=\u00a0\u00bbrepeat\u00a0\u00bb global_colors_info=\u00a0\u00bb{}\u00a0\u00bb]<\/p>\n<h3>Un regard sur la technologie derri\u00e8re les chars all\u00e9goriques floraux de San Remo : le charme et l&rsquo;\u00e9l\u00e9gance des chars all\u00e9goriques floraux de la Parade florale\u00a0<em>San Remo en fleurs <\/em>sont le r\u00e9sultat de mois de planification, de construction et une nuit pass\u00e9e \u00e0 d\u00e9corer les chars avec des fleurs.<\/h3>\n<p>La phase pr\u00e9paratoire de la Parade florale <em>San Remo en fleurs <\/em>commence lorsque la commune de<em>\u00a0<\/em>San Remo, qui organise l&rsquo;\u00e9v\u00e9nement gr\u00e2ce au D\u00e9partement du tourisme, annonce <strong>le th\u00e8me de la prochaine \u00e9dition<\/strong>. Chaque ann\u00e9e, les chars all\u00e9goriques sont inspir\u00e9s par un th\u00e8me commun frappant, comme les bandes dessin\u00e9es italiennes, la conqu\u00eate de l&rsquo;espace, des chanteuses d&rsquo;op\u00e9ra, etc.<\/p>\n<p>Parfois, les th\u00e8mes communs donnent la libert\u00e9 d&rsquo;expression aux designers des chars alors que dans d&rsquo;autres cas les th\u00e8mes sont con\u00e7us par un dessin anim\u00e9 qui attribue un seul th\u00e8me \u00e0 la commune participante. Cela est la particularit\u00e9 de la parade florale de San Remo : <b>chaque char est cr\u00e9\u00e9 et repr\u00e9sente une commune ou un endroit de la Riviera des fleurs<\/b>, o\u00f9 la tradition de la floriculture y est bien ancr\u00e9e.<\/p>\n<p>Une fois le th\u00e8me attribu\u00e9, les designers commencent leur travail sur le char : chaque ann\u00e9e repr\u00e9sente un nouveau d\u00e9fi en termes d&rsquo;habilet\u00e9s techniques et de cr\u00e9ativit\u00e9, puisqu&rsquo;ils doivent tenir compte du fait qu&rsquo;il s&rsquo;agit d&rsquo;un \u00e9v\u00e9nement m\u00e9diatis\u00e9 tr\u00e8s important diffus\u00e9 sur la cha\u00eene RaiUno, et composer avec les limites de la ville en ce qui a trait \u00e0 la dimension de la station d&rsquo;autobus o\u00f9 les chars sont install\u00e9s et la hauteur des c\u00e2bles de tramway qui traversent le centre de San Remo.<\/p>\n<p>Contrairement \u00e0 la Ventimiglia \u00e0 proximit\u00e9, qui poss\u00e8de une tradition extraordinaire de cr\u00e9ation de chars all\u00e9goriques avec la technique en mosa\u00efque, <strong>les chars de\u00a0San Remo sont un m\u00e9lange de personnages all\u00e9goriques et un magnifique assortiment d&rsquo;arrangements floraux. <\/strong>L&rsquo;habilet\u00e9 du designer de chars qui con\u00e7oit la premi\u00e8re esquisse sur papier et cr\u00e9e parfois un mod\u00e8le, est la capacit\u00e9 \u00e0 balancer ces deux \u00e9l\u00e9ments.<\/p>\n<p>La phase suivante est la construction des personnages all\u00e9goriques en sculptant des blocs de polystyr\u00e8ne qui ne sont pas identiques \u00e0 l&rsquo;esquisse puisqu&rsquo;ils doivent laisser de l&rsquo;espace pour le volume suppl\u00e9mentaire des d\u00e9corations des chars, comme les fleurs, repr\u00e9sentant la partie la plus frappante de la cr\u00e9ation des chars. Cela est fait en apr\u00e8s-midi et la nuit avant la parade. Chaque fleur est ancr\u00e9e au personnage de polystyr\u00e8ne avec et fleur apr\u00e8s fleur, et beaucoup de patience, les experts couvrent la majorit\u00e9 du personnage all\u00e9gorique.<\/p>\n<p>La touche finale est donn\u00e9e par les <strong>arrangements floraux<\/strong> qui sont plac\u00e9s sur les chars et qui font de la parade florale de San Remo une parade unique au monde c\u00e9l\u00e8bre pour la richesse de ses couleurs et la qualit\u00e9 des fleurs utilis\u00e9es. Pour la cr\u00e9ation d&rsquo;un char floral,\u00a0<strong>20 000 \u00e0 50 000 fleurs sont utilis\u00e9s, <\/strong>transformant la parade florale en une explosion de couleurs et de fragrances.<\/p>\n<p>La grandeur et la beaut\u00e9 des fleurs de San Remo flowers se trouve dans leur existence \u00e9ph\u00e9m\u00e8re, la parade florale ne dure donc qu&rsquo;une seule journ\u00e9e.<\/p>\n<p>Une autre bonne raison de planifier un voyage \u00e0 San Remo.<\/p>\n<p>[\/et_pb_text][\/et_pb_column][\/et_pb_row][\/et_pb_section]<\/p>\n","protected":false},"excerpt":{"rendered":"<p>Un regard sur la technologie derri\u00e8re les chars all\u00e9goriques floraux de San Remo : le charme et l&rsquo;\u00e9l\u00e9gance des chars all\u00e9goriques floraux de la Parade florale\u00a0San Remo en fleurs sont le r\u00e9sultat de mois de planification, de construction et une nuit pass\u00e9e \u00e0 d\u00e9corer les chars avec des fleurs. La phase pr\u00e9paratoire de la Parade [&hellip;]<\/p>\n","protected":false},"author":1,"featured_media":0,"parent":0,"menu_order":0,"comment_status":"closed","ping_status":"open","template":"","meta":{"_et_pb_use_builder":"on","_et_pb_old_content":"<h3>Un regard sur la technologie derri\u00e8re les chars all\u00e9goriques floraux de San Remo : le charme et l'\u00e9l\u00e9gance des chars all\u00e9goriques floraux de la Parade florale\u00a0<em>San Remo en fleurs <\/em>sont le r\u00e9sultat de mois de planification, de construction et une nuit pass\u00e9e \u00e0 d\u00e9corer les chars avec des fleurs.<\/h3>\r\nLa phase pr\u00e9paratoire de la Parade florale <em>San Remo en fleurs <\/em>commence lorsque la commune de<em>\u00a0<\/em>San Remo, qui organise l'\u00e9v\u00e9nement gr\u00e2ce au D\u00e9partement du tourisme, annonce <strong>le th\u00e8me de la prochaine \u00e9dition<\/strong>. Chaque ann\u00e9e, les chars all\u00e9goriques sont inspir\u00e9s par un th\u00e8me commun frappant, comme les bandes dessin\u00e9es italiennes, la conqu\u00eate de l'espace, des chanteuses d'op\u00e9ra, etc.\r\n\r\nParfois, les th\u00e8mes communs donnent la libert\u00e9 d'expression aux designers des chars alors que dans d'autres cas les th\u00e8mes sont con\u00e7us par un dessin anim\u00e9 qui attribue un seul th\u00e8me \u00e0 la commune participante. Cela est la particularit\u00e9 de la parade florale de San Remo : <b>chaque char est cr\u00e9\u00e9 et repr\u00e9sente une commune ou un endroit de la Riviera des fleurs<\/b>, o\u00f9 la tradition de la floriculture y est bien ancr\u00e9e.\r\n\r\nUne fois le th\u00e8me attribu\u00e9, les designers commencent leur travail sur le char : chaque ann\u00e9e repr\u00e9sente un nouveau d\u00e9fi en termes d'habilet\u00e9s techniques et de cr\u00e9ativit\u00e9, puisqu'ils doivent tenir compte du fait qu'il s'agit d'un \u00e9v\u00e9nement m\u00e9diatis\u00e9 tr\u00e8s important diffus\u00e9 sur la cha\u00eene RaiUno, et composer avec les limites de la ville en ce qui a trait \u00e0 la dimension de la station d'autobus o\u00f9 les chars sont install\u00e9s et la hauteur des c\u00e2bles de tramway qui traversent le centre de San Remo.\r\n\r\nContrairement \u00e0 la Ventimiglia \u00e0 proximit\u00e9, qui poss\u00e8de une tradition extraordinaire de cr\u00e9ation de chars all\u00e9goriques avec la technique en mosa\u00efque, <strong>les chars de\u00a0San Remo sont un m\u00e9lange de personnages all\u00e9goriques et un magnifique assortiment d'arrangements floraux. <\/strong>L'habilet\u00e9 du designer de chars qui con\u00e7oit la premi\u00e8re esquisse sur papier et cr\u00e9e parfois un mod\u00e8le, est la capacit\u00e9 \u00e0 balancer ces deux \u00e9l\u00e9ments.\r\n\r\nLa phase suivante est la construction des personnages all\u00e9goriques en sculptant des blocs de polystyr\u00e8ne qui ne sont pas identiques \u00e0 l'esquisse puisqu'ils doivent laisser de l'espace pour le volume suppl\u00e9mentaire des d\u00e9corations des chars, comme les fleurs, repr\u00e9sentant la partie la plus frappante de la cr\u00e9ation des chars. Cela est fait en apr\u00e8s-midi et la nuit avant la parade. Chaque fleur est ancr\u00e9e au personnage de polystyr\u00e8ne avec et fleur apr\u00e8s fleur, et beaucoup de patience, les experts couvrent la majorit\u00e9 du personnage all\u00e9gorique.\r\n\r\nLa touche finale est donn\u00e9e par les <strong>arrangements floraux<\/strong> qui sont plac\u00e9s sur les chars et qui font de la parade florale de San Remo une parade unique au monde c\u00e9l\u00e8bre pour la richesse de ses couleurs et la qualit\u00e9 des fleurs utilis\u00e9es. Pour la cr\u00e9ation d'un char floral,\u00a0<strong>20 000 \u00e0 50 000 fleurs sont utilis\u00e9s, <\/strong>transformant la parade florale en une explosion de couleurs et de fragrances.\r\n\r\nLa grandeur et la beaut\u00e9 des fleurs de San Remo flowers se trouve dans leur existence \u00e9ph\u00e9m\u00e8re, la parade florale ne dure donc qu'une seule journ\u00e9e.\r\n\r\nUne autre bonne raison de planifier un voyage \u00e0 San Remo.","_et_gb_content_width":"","footnotes":""},"yoast_head":"<!-- This site is optimized with the Yoast SEO plugin v21.9.1 - https:\/\/yoast.com\/wordpress\/plugins\/seo\/ -->\n<title>La technologie des chars all\u00e9goriques floraux de San Remo | Sanremo Corso Fiorito 2026<\/title>\n<meta name=\"description\" content=\"La technologie des chars floraux de Sanremo Corso Fiorito 2026 : des mois et des nuits pass\u00e9es \u00e0 d\u00e9corer les chars San Remo en fleurs.\" \/>\n<meta name=\"robots\" content=\"index, follow, max-snippet:-1, max-image-preview:large, max-video-preview:-1\" \/>\n<link rel=\"canonical\" href=\"https:\/\/carnevalesanremo.it\/tecnologia-dei-carri-fioriti-di-sanremo\/\" \/>\n<meta property=\"og:locale\" content=\"fr_FR\" \/>\n<meta property=\"og:type\" content=\"article\" \/>\n<meta property=\"og:title\" content=\"La technologie des chars all\u00e9goriques floraux de San Remo | Sanremo Corso Fiorito 2026\" \/>\n<meta property=\"og:description\" content=\"La technologie des chars floraux de Sanremo Corso Fiorito 2026 : des mois et des nuits pass\u00e9es \u00e0 d\u00e9corer les chars San Remo en fleurs.\" \/>\n<meta property=\"og:url\" content=\"https:\/\/carnevalesanremo.it\/tecnologia-dei-carri-fioriti-di-sanremo\/\" \/>\n<meta property=\"og:site_name\" content=\"Sanremo Corso Fiorito 2026\" \/>\n<meta property=\"article:modified_time\" content=\"2024-02-19T10:34:22+00:00\" \/>\n<meta name=\"twitter:label1\" content=\"Dur\u00e9e de lecture estim\u00e9e\" \/>\n\t<meta name=\"twitter:data1\" content=\"3 minutes\" \/>\n<script type=\"application\/ld+json\" class=\"yoast-schema-graph\">{\"@context\":\"https:\/\/schema.org\",\"@graph\":[{\"@type\":\"WebPage\",\"@id\":\"https:\/\/carnevalesanremo.it\/tecnologia-dei-carri-fioriti-di-sanremo\/\",\"url\":\"https:\/\/carnevalesanremo.it\/tecnologia-dei-carri-fioriti-di-sanremo\/\",\"name\":\"La technologie des chars all\u00e9goriques floraux de San Remo | Sanremo Corso Fiorito 2026\",\"isPartOf\":{\"@id\":\"https:\/\/carnevalesanremo.it\/#website\"},\"datePublished\":\"2016-01-17T13:44:32+00:00\",\"dateModified\":\"2024-02-19T10:34:22+00:00\",\"description\":\"La technologie des chars floraux de Sanremo Corso Fiorito 2026 : des mois et des nuits pass\u00e9es \u00e0 d\u00e9corer les chars San Remo en fleurs.\",\"breadcrumb\":{\"@id\":\"https:\/\/carnevalesanremo.it\/tecnologia-dei-carri-fioriti-di-sanremo\/#breadcrumb\"},\"inLanguage\":\"fr-FR\",\"potentialAction\":[{\"@type\":\"ReadAction\",\"target\":[\"https:\/\/carnevalesanremo.it\/tecnologia-dei-carri-fioriti-di-sanremo\/\"]}]},{\"@type\":\"BreadcrumbList\",\"@id\":\"https:\/\/carnevalesanremo.it\/tecnologia-dei-carri-fioriti-di-sanremo\/#breadcrumb\",\"itemListElement\":[{\"@type\":\"ListItem\",\"position\":1,\"name\":\"Home\",\"item\":\"https:\/\/carnevalesanremo.it\/fr\/\"},{\"@type\":\"ListItem\",\"position\":2,\"name\":\"La technologie des chars all\u00e9goriques floraux de San Remo\"}]},{\"@type\":\"WebSite\",\"@id\":\"https:\/\/carnevalesanremo.it\/#website\",\"url\":\"https:\/\/carnevalesanremo.it\/\",\"name\":\"Sanremo Corso Fiorito 2026\",\"description\":\"Chars Fleuri | Carnaval de San Remo 2026\",\"potentialAction\":[{\"@type\":\"SearchAction\",\"target\":{\"@type\":\"EntryPoint\",\"urlTemplate\":\"https:\/\/carnevalesanremo.it\/?s={search_term_string}\"},\"query-input\":\"required name=search_term_string\"}],\"inLanguage\":\"fr-FR\"}]}<\/script>\n<!-- \/ Yoast SEO plugin. -->","yoast_head_json":{"title":"La technologie des chars all\u00e9goriques floraux de San Remo | Sanremo Corso Fiorito 2026","description":"La technologie des chars floraux de Sanremo Corso Fiorito 2026 : des mois et des nuits pass\u00e9es \u00e0 d\u00e9corer les chars San Remo en fleurs.","robots":{"index":"index","follow":"follow","max-snippet":"max-snippet:-1","max-image-preview":"max-image-preview:large","max-video-preview":"max-video-preview:-1"},"canonical":"https:\/\/carnevalesanremo.it\/tecnologia-dei-carri-fioriti-di-sanremo\/","og_locale":"fr_FR","og_type":"article","og_title":"La technologie des chars all\u00e9goriques floraux de San Remo | Sanremo Corso Fiorito 2026","og_description":"La technologie des chars floraux de Sanremo Corso Fiorito 2026 : des mois et des nuits pass\u00e9es \u00e0 d\u00e9corer les chars San Remo en fleurs.","og_url":"https:\/\/carnevalesanremo.it\/tecnologia-dei-carri-fioriti-di-sanremo\/","og_site_name":"Sanremo Corso Fiorito 2026","article_modified_time":"2024-02-19T10:34:22+00:00","twitter_misc":{"Dur\u00e9e de lecture estim\u00e9e":"3 minutes"},"schema":{"@context":"https:\/\/schema.org","@graph":[{"@type":"WebPage","@id":"https:\/\/carnevalesanremo.it\/tecnologia-dei-carri-fioriti-di-sanremo\/","url":"https:\/\/carnevalesanremo.it\/tecnologia-dei-carri-fioriti-di-sanremo\/","name":"La technologie des chars all\u00e9goriques floraux de San Remo | Sanremo Corso Fiorito 2026","isPartOf":{"@id":"https:\/\/carnevalesanremo.it\/#website"},"datePublished":"2016-01-17T13:44:32+00:00","dateModified":"2024-02-19T10:34:22+00:00","description":"La technologie des chars floraux de Sanremo Corso Fiorito 2026 : des mois et des nuits pass\u00e9es \u00e0 d\u00e9corer les chars San Remo en fleurs.","breadcrumb":{"@id":"https:\/\/carnevalesanremo.it\/tecnologia-dei-carri-fioriti-di-sanremo\/#breadcrumb"},"inLanguage":"fr-FR","potentialAction":[{"@type":"ReadAction","target":["https:\/\/carnevalesanremo.it\/tecnologia-dei-carri-fioriti-di-sanremo\/"]}]},{"@type":"BreadcrumbList","@id":"https:\/\/carnevalesanremo.it\/tecnologia-dei-carri-fioriti-di-sanremo\/#breadcrumb","itemListElement":[{"@type":"ListItem","position":1,"name":"Home","item":"https:\/\/carnevalesanremo.it\/fr\/"},{"@type":"ListItem","position":2,"name":"La technologie des chars all\u00e9goriques floraux de San Remo"}]},{"@type":"WebSite","@id":"https:\/\/carnevalesanremo.it\/#website","url":"https:\/\/carnevalesanremo.it\/","name":"Sanremo Corso Fiorito 2026","description":"Chars Fleuri | Carnaval de San Remo 2026","potentialAction":[{"@type":"SearchAction","target":{"@type":"EntryPoint","urlTemplate":"https:\/\/carnevalesanremo.it\/?s={search_term_string}"},"query-input":"required name=search_term_string"}],"inLanguage":"fr-FR"}]}},"_links":{"self":[{"href":"https:\/\/carnevalesanremo.it\/fr\/wp-json\/wp\/v2\/pages\/26360"}],"collection":[{"href":"https:\/\/carnevalesanremo.it\/fr\/wp-json\/wp\/v2\/pages"}],"about":[{"href":"https:\/\/carnevalesanremo.it\/fr\/wp-json\/wp\/v2\/types\/page"}],"author":[{"embeddable":true,"href":"https:\/\/carnevalesanremo.it\/fr\/wp-json\/wp\/v2\/users\/1"}],"replies":[{"embeddable":true,"href":"https:\/\/carnevalesanremo.it\/fr\/wp-json\/wp\/v2\/comments?post=26360"}],"version-history":[{"count":4,"href":"https:\/\/carnevalesanremo.it\/fr\/wp-json\/wp\/v2\/pages\/26360\/revisions"}],"predecessor-version":[{"id":237068,"href":"https:\/\/carnevalesanremo.it\/fr\/wp-json\/wp\/v2\/pages\/26360\/revisions\/237068"}],"wp:attachment":[{"href":"https:\/\/carnevalesanremo.it\/fr\/wp-json\/wp\/v2\/media?parent=26360"}],"curies":[{"name":"wp","href":"https:\/\/api.w.org\/{rel}","templated":true}]}}